{"id":10,"date":"2023-01-04T04:05:53","date_gmt":"2023-01-04T04:05:53","guid":{"rendered":"https:\/\/actionforforest.org\/?page_id=10"},"modified":"2023-01-10T14:14:03","modified_gmt":"2023-01-10T14:14:03","slug":"nosotros","status":"publish","type":"page","link":"https:\/\/actionforforest.org\/index.php\/nosotros\/","title":{"rendered":"Nosotros"},"content":{"rendered":"\t\t<div data-elementor-type=\"wp-page\" data-elementor-id=\"10\" class=\"elementor elementor-10\">\n\t\t\t\t\t\t<section class=\"elementor-section elementor-top-section elementor-element elementor-element-bed1300 elementor-section-full_width elementor-section-height-default elementor-section-height-default\" data-id=\"bed1300\" data-element_type=\"section\" data-settings=\"{&quot;background_background&quot;:&quot;classic&quot;}\">\n\t\t\t\t\t\t\t<div class=\"elementor-background-overlay\"><\/div>\n\t\t\t\t\t\t\t<div class=\"elementor-container elementor-column-gap-default\">\n\t\t\t\t\t<div class=\"elementor-column elementor-col-100 elementor-top-column elementor-element elementor-element-e6b2282\" data-id=\"e6b2282\" data-element_type=\"column\">\n\t\t\t<div class=\"elementor-widget-wrap elementor-element-populated\">\n\t\t\t\t\t\t<div class=\"elementor-element elementor-element-fd670c8 elementor-widget elementor-widget-spacer\" data-id=\"fd670c8\" data-element_type=\"widget\" data-widget_type=\"spacer.default\">\n\t\t\t\t<div class=\"elementor-widget-container\">\n\t\t\t<style>\/*! elementor - v3.19.0 - 29-01-2024 *\/\n.elementor-column .elementor-spacer-inner{height:var(--spacer-size)}.e-con{--container-widget-width:100%}.e-con-inner>.elementor-widget-spacer,.e-con>.elementor-widget-spacer{width:var(--container-widget-width,var(--spacer-size));--align-self:var(--container-widget-align-self,initial);--flex-shrink:0}.e-con-inner>.elementor-widget-spacer>.elementor-widget-container,.e-con>.elementor-widget-spacer>.elementor-widget-container{height:100%;width:100%}.e-con-inner>.elementor-widget-spacer>.elementor-widget-container>.elementor-spacer,.e-con>.elementor-widget-spacer>.elementor-widget-container>.elementor-spacer{height:100%}.e-con-inner>.elementor-widget-spacer>.elementor-widget-container>.elementor-spacer>.elementor-spacer-inner,.e-con>.elementor-widget-spacer>.elementor-widget-container>.elementor-spacer>.elementor-spacer-inner{height:var(--container-widget-height,var(--spacer-size))}.e-con-inner>.elementor-widget-spacer.elementor-widget-empty,.e-con>.elementor-widget-spacer.elementor-widget-empty{position:relative;min-height:22px;min-width:22px}.e-con-inner>.elementor-widget-spacer.elementor-widget-empty .elementor-widget-empty-icon,.e-con>.elementor-widget-spacer.elementor-widget-empty .elementor-widget-empty-icon{position:absolute;top:0;bottom:0;left:0;right:0;margin:auto;padding:0;width:22px;height:22px}<\/style>\t\t<div class=\"elementor-spacer\">\n\t\t\t<div class=\"elementor-spacer-inner\"><\/div>\n\t\t<\/div>\n\t\t\t\t<\/div>\n\t\t\t\t<\/div>\n\t\t\t\t\t<\/div>\n\t\t<\/div>\n\t\t\t\t\t<\/div>\n\t\t<\/section>\n\t\t\t\t<section class=\"elementor-section elementor-top-section elementor-element elementor-element-ffdc359 elementor-section-boxed elementor-section-height-default elementor-section-height-default\" data-id=\"ffdc359\" data-element_type=\"section\">\n\t\t\t\t\t\t<div class=\"elementor-container elementor-column-gap-default\">\n\t\t\t\t\t<div class=\"elementor-column elementor-col-100 elementor-top-column elementor-element elementor-element-a25e279\" data-id=\"a25e279\" data-element_type=\"column\">\n\t\t\t<div class=\"elementor-widget-wrap elementor-element-populated\">\n\t\t\t\t\t\t<section class=\"elementor-section elementor-inner-section elementor-element elementor-element-3f1cf63 elementor-section-boxed elementor-section-height-default elementor-section-height-default\" data-id=\"3f1cf63\" data-element_type=\"section\">\n\t\t\t\t\t\t<div class=\"elementor-container elementor-column-gap-default\">\n\t\t\t\t\t<div class=\"elementor-column elementor-col-50 elementor-inner-column elementor-element elementor-element-7696433\" data-id=\"7696433\" data-element_type=\"column\">\n\t\t\t<div class=\"elementor-widget-wrap elementor-element-populated\">\n\t\t\t\t\t\t<div class=\"elementor-element elementor-element-55b609e elementor-widget elementor-widget-image\" data-id=\"55b609e\" data-element_type=\"widget\" data-widget_type=\"image.default\">\n\t\t\t\t<div class=\"elementor-widget-container\">\n\t\t\t<style>\/*! elementor - v3.19.0 - 29-01-2024 *\/\n.elementor-widget-image{text-align:center}.elementor-widget-image a{display:inline-block}.elementor-widget-image a img[src$=\".svg\"]{width:48px}.elementor-widget-image img{vertical-align:middle;display:inline-block}<\/style>\t\t\t\t\t\t\t\t\t\t<img decoding=\"async\" src=\"https:\/\/actionforforest.org\/wp-content\/uploads\/elementor\/thumbs\/logo-q05ecw3nq83h2elp4y9dxspm97afddsuvpu9apj6pq.png\" title=\"logo\" alt=\"logo\" loading=\"lazy\" \/>\t\t\t\t\t\t\t\t\t\t\t\t\t<\/div>\n\t\t\t\t<\/div>\n\t\t\t\t\t<\/div>\n\t\t<\/div>\n\t\t\t\t<div class=\"elementor-column elementor-col-50 elementor-inner-column elementor-element elementor-element-56cb3a2\" data-id=\"56cb3a2\" data-element_type=\"column\">\n\t\t\t<div class=\"elementor-widget-wrap elementor-element-populated\">\n\t\t\t\t\t\t<div class=\"elementor-element elementor-element-00a50d7 elementor-widget elementor-widget-text-editor\" data-id=\"00a50d7\" data-element_type=\"widget\" data-widget_type=\"text-editor.default\">\n\t\t\t\t<div class=\"elementor-widget-container\">\n\t\t\t<style>\/*! elementor - v3.19.0 - 29-01-2024 *\/\n.elementor-widget-text-editor.elementor-drop-cap-view-stacked .elementor-drop-cap{background-color:#69727d;color:#fff}.elementor-widget-text-editor.elementor-drop-cap-view-framed .elementor-drop-cap{color:#69727d;border:3px solid;background-color:transparent}.elementor-widget-text-editor:not(.elementor-drop-cap-view-default) .elementor-drop-cap{margin-top:8px}.elementor-widget-text-editor:not(.elementor-drop-cap-view-default) .elementor-drop-cap-letter{width:1em;height:1em}.elementor-widget-text-editor .elementor-drop-cap{float:left;text-align:center;line-height:1;font-size:50px}.elementor-widget-text-editor .elementor-drop-cap-letter{display:inline-block}<\/style>\t\t\t\t<p class=\"text-justify\"><strong>Action for Forest<\/strong> es una organizaci\u00f3n internacional sin fines de lucro (creada originalmente en Francia en 2015) y desde finales de 2019 en Colombia. Es el resultado del esfuerzo de un grupo de profesionales de diferentes disciplinas y organizaciones comunitarias comprometidos con la generaci\u00f3n e intercambio de conocimientos (di\u00e1logo de saberes) para la conservaci\u00f3n de los bosques, pero sobre todo, con el mejoramiento de la calidad de vida de las comunidades locales, a trav\u00e9s de cuatro grandes estrategias:<\/p>\t\t\t\t\t\t<\/div>\n\t\t\t\t<\/div>\n\t\t\t\t\t<\/div>\n\t\t<\/div>\n\t\t\t\t\t<\/div>\n\t\t<\/section>\n\t\t\t\t<div class=\"elementor-element elementor-element-408c62e elementor-widget elementor-widget-eael-adv-tabs\" data-id=\"408c62e\" data-element_type=\"widget\" data-widget_type=\"eael-adv-tabs.default\">\n\t\t\t\t<div class=\"elementor-widget-container\">\n\t\t\t        <div data-scroll-on-click=\"no\" data-scroll-speed=\"300\" id=\"eael-advance-tabs-408c62e\" class=\"eael-advance-tabs eael-tabs-vertical eael-tab-auto-active \" data-tabid=\"408c62e\">\n            <div class=\"eael-tabs-nav\">\n                <ul class=\"eael-tab-inline-icon\" role=\"tablist\">\n                                            <li id=\"reconocimiento-del-valor\" class=\"inactive eael-tab-item-trigger\" aria-selected=\"true\" data-tab=\"1\" role=\"tab\" tabindex=\"0\" aria-controls=\"reconocimiento-del-valor-tab\" aria-expanded=\"false\">\n                            \n                                                                <i class=\"fas fa-globe-americas\"><\/i>                                                            \n                                                            <span class=\"eael-tab-title  title-after-icon\">Reconocimiento del valor.<\/span>                            \n                                                    <\/li>\n                                            <li id=\"gestin-forestal-sostenible-\" class=\"inactive eael-tab-item-trigger\" aria-selected=\"false\" data-tab=\"2\" role=\"tab\" tabindex=\"-1\" aria-controls=\"gestin-forestal-sostenible--tab\" aria-expanded=\"false\">\n                            \n                                                                <i class=\"fas fa-cogs\"><\/i>                                                            \n                                                            <span class=\"eael-tab-title  title-after-icon\">Gesti\u00f3n forestal sostenible <\/span>                            \n                                                    <\/li>\n                                            <li id=\"proyectos-locales-\" class=\"inactive eael-tab-item-trigger\" aria-selected=\"false\" data-tab=\"3\" role=\"tab\" tabindex=\"-1\" aria-controls=\"proyectos-locales--tab\" aria-expanded=\"false\">\n                            \n                                                                <i class=\"fas fa-map-marker-alt\"><\/i>                                                            \n                                                            <span class=\"eael-tab-title  title-after-icon\">Proyectos locales <\/span>                            \n                                                    <\/li>\n                                            <li id=\"comunidades-locales\" class=\"inactive eael-tab-item-trigger\" aria-selected=\"false\" data-tab=\"4\" role=\"tab\" tabindex=\"-1\" aria-controls=\"comunidades-locales-tab\" aria-expanded=\"false\">\n                            \n                                                                <i class=\"fas fa-users\"><\/i>                                                            \n                                                            <span class=\"eael-tab-title  title-after-icon\">Comunidades locales<\/span>                            \n                                                    <\/li>\n                                    <\/ul>\n            <\/div>\n            \n            <div class=\"eael-tabs-content\">\n\t\t        \n                    <div id=\"reconocimiento-del-valor-tab\" class=\"clearfix eael-tab-content-item inactive\" data-title-link=\"reconocimiento-del-valor-tab\">\n\t\t\t\t        \t\t\t\t\t        <p><strong>Ampliar el reconocimiento del valor de los bosques para la sociedad<\/strong><\/p><p>Podemos decir, sin ninguna duda que absolutamente todos los seres humanos nos beneficiamos, directa o indirectamente de los bienes y servicios ambientales generados por los bosques (madera, papel, biodiversidad, agua y regulaci\u00f3n clim\u00e1tica, entre muchos otros). Por ejemplo, los productos forestales contribuyen significativamente a proporcionar vivienda a no menos de 1 300 millones de personas, el 18 % de la poblaci\u00f3n mundial.<\/p><p>Sin embargo, y de acuerdo con la FAO, el n\u00famero de los beneficiarios de los ingresos y el empleo generados por los bosques es relativamente bajo. El sector forestal formal emplea a unos 13,2 millones de personas en el mundo, y al menos otros 41 millones trabajan en el sector informal, que no suele registrarse en las estad\u00edsticas nacionales.<\/p><p>Se estima adem\u00e1s que unos 840 millones de personas, es decir, el 12 % de la poblaci\u00f3n mundial, recogen combustible de madera y carb\u00f3n vegetal para su uso directo. En el caso de Am\u00e9rica Latina y el Caribe, representa el 13% del suministro total de energ\u00eda primaria consumida. La dendroenerg\u00eda es a menudo la \u00fanica fuente energ\u00e9tica disponible en las zonas rurales de los pa\u00edses menos desarrollados, y reviste especial importancia para la preparaci\u00f3n de alimentos y potabilizar el agua.<\/p><p>Se calcula que unos 2 400 millones de personas, alrededor del 40 % de la poblaci\u00f3n de los pa\u00edses menos desarrollados, utilizan combustible de madera para cocinar.<\/p><p>Por estas razones, es muy importante que las pol\u00edticas nacionales y globales sobre la situaci\u00f3n de los bosques del mundo, ampl\u00eden su enfoque para reconocer su importancia no solamente en t\u00e9rminos de la provisi\u00f3n de madera, que es usualmente el \u00fanico registro en las cuentas nacionales. Se deber\u00eda abordar de manera expl\u00edcita el papel de los bosques en el suministro de vivienda, energ\u00eda, alimento y, lo que es m\u00e1s importante, en la regulaci\u00f3n clim\u00e1tica y la provisi\u00f3n de agua fresca.<\/p>\t\t\t\t                            <\/div>\n\t\t        \n                    <div id=\"gestin-forestal-sostenible--tab\" class=\"clearfix eael-tab-content-item inactive\" data-title-link=\"gestin-forestal-sostenible--tab\">\n\t\t\t\t        \t\t\t\t\t        <p><strong>Promover la gesti\u00f3n forestal sostenible y la creaci\u00f3n y captura de valor de mercado para los servicios de los ecosistemas forestales<\/strong><\/p><p>Desde 1991 Colombia eleva el medio ambiente y el desarrollo sostenible a rango constitucional y se obliga al Estado a garantizar el derecho a un medio ambiente sano. Esta decisi\u00f3n de la Asamblea Nacional Constituyente gener\u00f3 una importante transformaci\u00f3n del marco institucional y normativo, as\u00ed como una serie de instrumentos econ\u00f3micos, administrativos, de planificaci\u00f3n y de control.<\/p><p>Con la promulgaci\u00f3n de la Ley 99 de 1993 que cre\u00f3 el Sistema Nacional Ambiental (SINA) y el actual Ministerio de Ambiente y Desarrollo Sostenible (MADS), se establecieron los principios que orientar\u00edan el manejo de los asuntos ambientales del pa\u00eds y se redefini\u00f3 la estructura institucional para el logro de los objetivos de la pol\u00edtica. No obstante, el importante desarrollo institucional del sector ambiental introducido por la Ley, como su posicionamiento en el marco de la estructura del Estado y la capacidad t\u00e9cnica de la institucionalidad p\u00fablica, no consiguen responder de manera adecuada y suficiente a los complejos desaf\u00edos de la gesti\u00f3n ambiental a nivel territorial.<\/p><p>M\u00e1s del 90% de los municipios con prioridad para la construcci\u00f3n de paz, en donde hist\u00f3ricamente las econom\u00edas asociadas a las actividades ilegales han predominado (incluyendo cultivos il\u00edcitos, altas tasas de deforestaci\u00f3n y ampliaci\u00f3n de la frontera agropecuaria) y donde la pobreza prevalece, tienen alguna figura de protecci\u00f3n o de regulaci\u00f3n de su uso, algunos con hasta el 100% de su territorio cubierto bajo estas figuras.<\/p><p>Sin embargo, estas cifras se vieron ensombrecidas por el preocupante y acelerado aumento de las tasas de deforestaci\u00f3n en los \u00faltimos a\u00f1os: 124.035 hect\u00e1reas en 2015, 178.597 hect\u00e1reas en 2016, 219.973 hect\u00e1reas en 2017, 197.159 hect\u00e1reas en 2018 y 158.894 hect\u00e1reas en 2019 (IDEAM 2020).<\/p><p>Por estas razones, los esfuerzos de <strong>Action for Forest<\/strong> y otras organizaciones de la sociedad civil, se dirigen a apoyar procesos de planificaci\u00f3n y ordenamiento territorial, a trav\u00e9s de la promoci\u00f3n de modelos de gesti\u00f3n sostenible de los bosques, la transformaci\u00f3n de los sistemas productivos insostenibles que\u00a0 imperan en las regiones forestales de Colombia y el impulso a formas de remuneraci\u00f3n de los servicios ambientales de los bosques a trav\u00e9s de mecanismos de Pago por Servicios Ambientales, entre otros.<\/p>\t\t\t\t                            <\/div>\n\t\t        \n                    <div id=\"proyectos-locales--tab\" class=\"clearfix eael-tab-content-item inactive\" data-title-link=\"proyectos-locales--tab\">\n\t\t\t\t        \t\t\t\t\t        <p><strong>Apoyar proyectos locales que desarrollen iniciativas innovadoras para su conservaci\u00f3n<\/strong><\/p><p>La deforestaci\u00f3n, la degradaci\u00f3n y la transformaci\u00f3n de los paisajes forestales para su incorporaci\u00f3n a la producci\u00f3n agropecuaria, el desarrollo de infraestructura vial o como resultado de actividades ilegales, son los factores m\u00e1s importantes de emisi\u00f3n de gases de efecto invernadero y p\u00e9rdida de la biodiversidad en los territorios forestales.<\/p><p>El manejo forestal comunitario MFC es reconocido como una de las opciones m\u00e1s promisorias para la conservaci\u00f3n de los bosques, conciliando la preservaci\u00f3n de la naturaleza y el desarrollo econ\u00f3mico a trav\u00e9s de la participaci\u00f3n de las comunidades rurales, campesinas e ind\u00edgenas, en el manejo de las \u00e1reas forestales, con el objetivo reducir la deforestaci\u00f3n y degradaci\u00f3n de los bosques para asegurar a la sociedad en general, los servicios eco-sist\u00e9micos que estos proporcionan y de esta forma contribuir a la reducci\u00f3n de la pobreza y mejorar el nivel de vida de la poblaci\u00f3n.<\/p><p>Del mismo modo, el ordenamiento forestal comunitario ser\u00e1 esencial para la implementaci\u00f3n exitosa de los Programas para la Reducci\u00f3n de Emisiones por la Deforestaci\u00f3n y la Degradaci\u00f3n de los Bosques (REDD +), ya que gracias a la participaci\u00f3n local se mejoran la gobernanza forestal y se constituyen en garant\u00eda para la gesti\u00f3n sostenible de los recursos forestales.<\/p><p>Las estrategias de manejo forestal de base comunitaria tienen que ser desarrolladas en combinaci\u00f3n con monitoreo forestal tambi\u00e9n basado en la comunidad (CBFM). Tradicionalmente, el monitoreo forestal se realiza a trav\u00e9s de la utilizaci\u00f3n de im\u00e1genes de sat\u00e9lite o sensores aerotransportados que resultan excesivamente costosas y de dif\u00edcil acceso para investigadores, comunidades locales e incluso para las instituciones p\u00fablicas responsables de la gesti\u00f3n forestal de pa\u00edses en desarrollo.<\/p><p>Por esta raz\u00f3n, resulta cada vez m\u00e1s importante el uso de nuevas tecnolog\u00edas tales como los UAS (Unmanned Aerial Systems), conocidos popularmente como drones, que permiten obtener im\u00e1genes de alta resoluci\u00f3n para el relevamiento y monitoreo de la cobertura forestal, permitiendo mapear, en tiempo real, la ocupaci\u00f3n y cambios en el uso del suelo, la detecci\u00f3n de actividades forestales ilegales, supervisar la ejecuci\u00f3n de los Planes de Manejo y Planes de Acci\u00f3n de las \u00e1reas asignadas por el Estado para procesos de forester\u00eda comunitaria, entre otros m\u00faltiples usos.<\/p><p>Los datos sobre el estado del bosque, recogidos por miembros capacitados de la comunidad, han demostrado ser tan exactos como los reunidos por cient\u00edficos profesionales, pero a un costo mucho menor, y pueden proporcionar una mayor replicabilidad por el grado de apropiaci\u00f3n de los procesos, especialmente entre los j\u00f3venes, el valor cultural de im\u00e1genes de lata resoluci\u00f3n y las metodolog\u00edas empleadas.\u00a0<\/p>\t\t\t\t                            <\/div>\n\t\t        \n                    <div id=\"comunidades-locales-tab\" class=\"clearfix eael-tab-content-item inactive\" data-title-link=\"comunidades-locales-tab\">\n\t\t\t\t        \t\t\t\t\t        <p><strong>Mejorar los medios de subsistencia de las comunidades locales que viven en y alrededor de los bosques.<\/strong><\/p><p>Esta estrategia supone el desarrollo de modelos de negocios comunitarios, ambientalmente sostenibles, econ\u00f3mica y socialmente aceptables, (ecoturismo, restauraci\u00f3n, productos no maderables y comercio de alimentos y subproductos del bosque), que se constituyen en una importante contribuci\u00f3n de las comunidades locales para la conservaci\u00f3n de los bosques.<\/p><p>Tambi\u00e9n significa trabajar en la planificaci\u00f3n y zonificaci\u00f3n a nivel predial, para el mejoramiento o implementaci\u00f3n de sistemas productivos sostenibles (restauraci\u00f3n y establecimiento de corredores de protecci\u00f3n o conectividad, arreglos productivos agroforestales, sistemas silvopastoriles, sobre la base de acuerdos de conservaci\u00f3n.<\/p>\t\t\t\t                            <\/div>\n\t\t                    <\/div>\n        <\/div>\n\t\t<\/div>\n\t\t\t\t<\/div>\n\t\t\t\t\t<\/div>\n\t\t<\/div>\n\t\t\t\t\t<\/div>\n\t\t<\/section>\n\t\t\t\t<\/div>\n\t\t","protected":false},"excerpt":{"rendered":"<p>Action for Forest es una organizaci\u00f3n internacional sin fines de lucro (creada originalmente en Francia en 2015) y desde finales de 2019 en Colombia. Es el resultado del esfuerzo de un grupo de profesionales de diferentes disciplinas y organizaciones comunitarias comprometidos con la generaci\u00f3n e intercambio de conocimientos (di\u00e1logo de saberes) para la conservaci\u00f3n de&hellip; <a class=\"more-link\" href=\"https:\/\/actionforforest.org\/index.php\/nosotros\/\">Seguir leyendo <span class=\"screen-reader-text\">Nosotros<\/span><\/a><\/p>\n","protected":false},"author":1,"featured_media":0,"parent":0,"menu_order":0,"comment_status":"closed","ping_status":"closed","template":"elementor_header_footer","meta":{"footnotes":""},"class_list":["post-10","page","type-page","status-publish","hentry","entry"],"_links":{"self":[{"href":"https:\/\/actionforforest.org\/index.php\/wp-json\/wp\/v2\/pages\/10","targetHints":{"allow":["GET"]}}],"collection":[{"href":"https:\/\/actionforforest.org\/index.php\/wp-json\/wp\/v2\/pages"}],"about":[{"href":"https:\/\/actionforforest.org\/index.php\/wp-json\/wp\/v2\/types\/page"}],"author":[{"embeddable":true,"href":"https:\/\/actionforforest.org\/index.php\/wp-json\/wp\/v2\/users\/1"}],"replies":[{"embeddable":true,"href":"https:\/\/actionforforest.org\/index.php\/wp-json\/wp\/v2\/comments?post=10"}],"version-history":[{"count":22,"href":"https:\/\/actionforforest.org\/index.php\/wp-json\/wp\/v2\/pages\/10\/revisions"}],"predecessor-version":[{"id":76,"href":"https:\/\/actionforforest.org\/index.php\/wp-json\/wp\/v2\/pages\/10\/revisions\/76"}],"wp:attachment":[{"href":"https:\/\/actionforforest.org\/index.php\/wp-json\/wp\/v2\/media?parent=10"}],"curies":[{"name":"wp","href":"https:\/\/api.w.org\/{rel}","templated":true}]}}